{"id":17722,"date":"2022-09-26T06:48:45","date_gmt":"2022-09-26T04:48:45","guid":{"rendered":"https:\/\/srce-slovenije.si\/kolesarjenje-in-pohodnistvo\/"},"modified":"2024-02-12T10:33:26","modified_gmt":"2024-02-12T09:33:26","slug":"cycling-and-hiking","status":"publish","type":"page","link":"https:\/\/srce-slovenije.si\/en\/cycling-and-hiking\/","title":{"rendered":"Cycling and hiking"},"content":{"rendered":"\n<div class=\"wp-block-citadela-blocks-custom-container citadela-block-custom-container size-wide bg-type-image inside-space-none bg-size-cover has-overlay has-min-height vertical-align-center\" style=\"min-height:370px\"><div class=\"bg-image-wrapper\" style=\"background-image:url(https:\/\/srce-slovenije.si\/wp-content\/uploads\/2022\/10\/st8-scaled.jpg);background-repeat:no-repeat;background-position:8% 30%\"><\/div><div class=\"bg-image-overlay\" style=\"background-color:#15151c;opacity:0.2\"><\/div><div class=\"inner-holder\">\n<div class=\"wp-block-citadela-blocks-spacer citadela-block-spacer\"><div class=\"inner-holder\" style=\"padding-top:140px\"><\/div><\/div>\n\n\n\n<div class=\"wp-block-citadela-blocks-custom-container citadela-block-custom-container size-content bg-type-none inside-space-none\"><div class=\"inner-holder\">         <div \r\n            class=\"citadela-block-responsive-text align-center responsive-options loading\"\r\n            data-block-mobile-attr=\"{&quot;desktop&quot;:{&quot;fontSize&quot;:&quot;48px&quot;},&quot;mobile&quot;:{&quot;fontSize&quot;:&quot;8vw&quot;}}\"            data-block-mobile-breakpoint=\"600\"         >\r\n            <h1 class=\"inner-tag\" style=\"font-size: 48px; color: #ffffff;\">Cycling and hiking<\/h1>         <\/div>\r\n      <\/div><\/div>\n\n\n\n<div class=\"wp-block-citadela-blocks-spacer citadela-block-spacer\"><div class=\"inner-holder\" style=\"padding-top:25px\"><\/div><\/div>\n\n\n\n<div class=\"wp-block-citadela-blocks-spacer citadela-block-spacer\"><div class=\"inner-holder\" style=\"padding-top:20px\"><\/div><\/div>\n\n\n\n<div class=\"wp-block-citadela-blocks-custom-container citadela-block-custom-container size-content bg-type-none inside-space-none\"><div class=\"inner-holder\" style=\"max-width:500px\"><\/div><\/div>\n\n\n\n<div class=\"wp-block-citadela-blocks-spacer citadela-block-spacer responsive-options loading\" data-block-attr=\"{&quot;desktop&quot;:{&quot;height&quot;:&quot;3vw&quot;},&quot;mobile&quot;:{&quot;height&quot;:&quot;0vw&quot;}}\" data-block-mobile-breakpoint=\"600\"><div class=\"inner-holder\" style=\"padding-top:3vw\"><\/div><\/div>\n\n\n\n<div class=\"wp-block-citadela-blocks-spacer citadela-block-spacer responsive-options loading\" data-block-attr=\"{&quot;desktop&quot;:{&quot;height&quot;:&quot;100px&quot;},&quot;mobile&quot;:{&quot;height&quot;:&quot;80px&quot;}}\" data-block-mobile-breakpoint=\"600\"><div class=\"inner-holder\" style=\"padding-top:100px\"><\/div><\/div>\n<\/div><\/div>\n\n\n\n<div class=\"wp-block-group\"><div class=\"wp-block-group__inner-container is-layout-flow wp-block-group-is-layout-flow\">\n<div class=\"wp-block-citadela-blocks-spacer citadela-block-spacer negative-height\"><div class=\"inner-holder\" style=\"margin-top:-100px\"><\/div><\/div>\n\n\n\n<div class=\"wp-block-citadela-blocks-custom-container citadela-block-custom-container size-fullwidth bg-type-color inside-space-small has-bg has-border-radius has-shadow\" style=\"background-color:rgba(255, 255, 255, 1);border-radius:6px;box-shadow: 0px 15px 30px 0px rgba(0, 0, 0, 0.04)\"><div class=\"inner-holder\">\n<div class=\"wp-block-citadela-blocks-spacer citadela-block-spacer negative-height\"><div class=\"inner-holder\" style=\"margin-top:-10px\"><\/div><\/div>\n\n\n\r\n        <div class=\"wp-block-citadela-blocks ctdl-directory-categories-list grid-type-2 layout-box size-small hide-description loading-content use-carousel\"\r\n                            data-carousel=\"{&quot;pagination&quot;:false,&quot;navigation&quot;:false,&quot;autoplay&quot;:true,&quot;autoplayDelay&quot;:5,&quot;autoHeight&quot;:false,&quot;loop&quot;:true}\"\r\n                    >\r\n            \r\n                            <div class=\"citadela-loader\">\r\n                    <div class=\"inner-wrapper\">\r\n                        <i class=\"fas fa-circle-notch fa-spin\"><\/i>\r\n                    <\/div>\r\n                <\/div>\r\n            \r\n            \r\n            <div class=\"citadela-block-articles swiper-container\">\r\n                <div class=\"citadela-block-articles-wrap swiper-wrapper\">\r\n\r\n                                        \r\n                    <a href=\"https:\/\/srce-slovenije.si\/en\/cat\/mountain-bike-routes-en\/\" class=\"swiper-slide\">\r\n                        <article class=\"folder-card\">\r\n                            <div class=\"folder-header\">\r\n                                                                    <div class=\"folder-icon\">\r\n                                        <span class=\"icon-bg\" style=\"background-color: #0085ba;\"><\/span>\r\n                                        <i class=\"fas fa-circle\" style=\"color: #0085ba; border-color: #0085ba;\"><\/i>\r\n                                    <\/div>\r\n                                                            <\/div>\r\n                            <div class=\"folder-content\">\r\n                                    <div class=\"folder-content-wrap\">\r\n                                        <p class=\"folder-title\">Mountain bike routes<\/p>\r\n                                                                            <\/div>\r\n                            <\/div>\r\n                        <\/article>\r\n                    <\/a>\r\n                                        \r\n                    <a href=\"https:\/\/srce-slovenije.si\/en\/cat\/road-cycle-routes-en\/\" class=\"swiper-slide\">\r\n                        <article class=\"folder-card\">\r\n                            <div class=\"folder-header\">\r\n                                                                    <div class=\"folder-icon\">\r\n                                        <span class=\"icon-bg\" style=\"background-color: #0085ba;\"><\/span>\r\n                                        <i class=\"fas fa-circle\" style=\"color: #0085ba; border-color: #0085ba;\"><\/i>\r\n                                    <\/div>\r\n                                                            <\/div>\r\n                            <div class=\"folder-content\">\r\n                                    <div class=\"folder-content-wrap\">\r\n                                        <p class=\"folder-title\">Road cycle routes<\/p>\r\n                                                                            <\/div>\r\n                            <\/div>\r\n                        <\/article>\r\n                    <\/a>\r\n                                        \r\n                    <a href=\"https:\/\/srce-slovenije.si\/en\/cat\/trekking-and-family-cycling-routes-en\/\" class=\"swiper-slide\">\r\n                        <article class=\"folder-card\">\r\n                            <div class=\"folder-header\">\r\n                                                                    <div class=\"folder-icon\">\r\n                                        <span class=\"icon-bg\" style=\"background-color: #0085ba;\"><\/span>\r\n                                        <i class=\"fas fa-circle\" style=\"color: #0085ba; border-color: #0085ba;\"><\/i>\r\n                                    <\/div>\r\n                                                            <\/div>\r\n                            <div class=\"folder-content\">\r\n                                    <div class=\"folder-content-wrap\">\r\n                                        <p class=\"folder-title\">Trekking and family cycling routes<\/p>\r\n                                                                            <\/div>\r\n                            <\/div>\r\n                        <\/article>\r\n                    <\/a>\r\n                                        \r\n                    <a href=\"https:\/\/srce-slovenije.si\/en\/cat\/walking-trails-en\/\" class=\"swiper-slide\">\r\n                        <article class=\"folder-card\">\r\n                            <div class=\"folder-header\">\r\n                                                                    <div class=\"folder-icon\">\r\n                                        <span class=\"icon-bg\" style=\"background-color: #0085ba;\"><\/span>\r\n                                        <i class=\"fas fa-circle\" style=\"color: #0085ba; border-color: #0085ba;\"><\/i>\r\n                                    <\/div>\r\n                                                            <\/div>\r\n                            <div class=\"folder-content\">\r\n                                    <div class=\"folder-content-wrap\">\r\n                                        <p class=\"folder-title\">Walking trails<\/p>\r\n                                                                            <\/div>\r\n                            <\/div>\r\n                        <\/article>\r\n                    <\/a>\r\n                    \r\n                <\/div>\r\n            <\/div>\r\n            \r\n                                            \r\n            \r\n        <\/div>\r\n        \n\n\n<div class=\"wp-block-citadela-blocks-spacer citadela-block-spacer\"><div class=\"inner-holder\" style=\"padding-top:5px\"><\/div><\/div>\n<\/div><\/div>\n<\/div><\/div>\n\n\n\n<div class=\"wp-block-citadela-blocks-spacer citadela-block-spacer\"><div class=\"inner-holder\" style=\"padding-top:30px\"><\/div><\/div>\n\n\n\r\n        <div \r\n            class=\"wp-block-citadela-blocks ctdl-directory-items-list layout-box size-small grid-type-1 image-size-citadela_item_thumbnail image-position-center-center default-image-height show-item-featured-image show-item-description show-item-address show-item-categories show-item-rating border-thin\"\r\n                        \t\r\n                        >\r\n            \r\n            \r\n            \r\n            <div class=\"citadela-block-articles \">\r\n               \r\n                <div class=\"citadela-block-articles-wrap \">\r\n                \r\n<article class=\"citadela-article has-thumbnail has-description has-address has-categories\">\r\n\r\n\t<div class=\"item-content\" style=\"\">\r\n\t\t\t\t<div class=\"item-thumbnail\" style=\"\">\r\n\t\t\t<a href=\"https:\/\/srce-slovenije.si\/en\/predmet\/javorje-energy-trail\/\">\r\n\t\t\t\t<img decoding=\"async\" \r\n\t\t\t\t\tclass=\"item-image\"\r\n                    src=\"https:\/\/srce-slovenije.si\/wp-content\/uploads\/2023\/05\/srce_slovenije_javorska_energijska_pot_vi-640x480.jpg\"\r\n                    width=\"640\"\r\n                    height=\"480\"\r\n                    srcset=\"https:\/\/srce-slovenije.si\/wp-content\/uploads\/2023\/05\/srce_slovenije_javorska_energijska_pot_vi-640x480.jpg 640w, https:\/\/srce-slovenije.si\/wp-content\/uploads\/2023\/05\/srce_slovenije_javorska_energijska_pot_vi-480x360.jpg 480w\"\r\n                    sizes=\"(max-width: 640px) 100vw, 640px\"\r\n                    alt=\"Javorje energy trail\"\r\n                    style=\"\"                \/>\r\n\t\t\t<\/a>\r\n\t\t<\/div>\r\n\t\t\r\n\t\t<div class=\"item-body\">\r\n\t\t\t<div class=\"item-title\">\r\n\t\t\t\t<a href=\"https:\/\/srce-slovenije.si\/en\/predmet\/javorje-energy-trail\/\">\r\n\t\t\t\t\t<div class=\"item-title-wrap\">\r\n\t\t\t\t\t\t<div class=\"post-title\">Javorje energy trail<\/div>\r\n\t\t\t\t\t\t\t\t\t\t\t<\/div>\r\n\t\t\t\t<\/a>\r\n\t\t\t<\/div>\r\n\t\t\t\r\n\t\t\t\r\n\t\t\t\t\t\t<div class=\"item-text\">\r\n\t\t\t\t<div class=\"item-description\">\r\n\t\t\t\t\t<p>On the Javorje energy trail, you can feel the power of healing energies above the Temenice river basin and get acquainted with many herbs and medicinal plants on your own or with the expert guidance of Janez Javorski. There are 7 energy points in the area where the Celtic tribe&#8230;<\/p>\r\n\t\t\t\t\t<a href=\"https:\/\/srce-slovenije.si\/en\/predmet\/javorje-energy-trail\/\" class=\"more\">View more<\/a>\r\n\t\t\t\t<\/div>\r\n\t\t\t<\/div>\r\n\t\t\t\t\t\t<div class=\"item-footer\" style=\"\">\r\n\t\t\t\t\t\t\t\t\t\t\t\t<div class=\"item-data address\" style=\"\">\r\n\t\t\t\t\t<span class=\"label\">Address<\/span>\r\n\t\t\t\t\t<span class=\"values\">Javorje 23, 1275 \u0160martno pri Litiji<\/span>\r\n\t\t\t\t<\/div>\r\n\t\t\t\t\t\t\t\t\t\t\t\t\t\t\t\t<div class=\"item-data categories\" style=\"\">\r\n\t\t\t\t\t<span class=\"label\">Categories<\/span>\r\n\t\t\t\t\t<span class=\"values\">\r\n\t\t\t\t\t\t\t\t\t\t\t\t<a href=\"https:\/\/srce-slovenije.si\/en\/cat\/walking-trails-en\/\" class=\"value\" style=\"\">Walking trails<\/a>\r\n\t\t\t\t\t\t\t\t\t\t\t<\/span>\r\n\t\t\t\t<\/div>\r\n\t\t\t\t\t\t\t<\/div>\r\n\t\t<\/div>\r\n\t<\/div>\r\n\r\n<\/article>\r\n\r\n\r\n\r\n<article class=\"citadela-article has-thumbnail has-description has-address has-categories\">\r\n\r\n\t<div class=\"item-content\" style=\"\">\r\n\t\t\t\t<div class=\"item-thumbnail\" style=\"\">\r\n\t\t\t<a href=\"https:\/\/srce-slovenije.si\/en\/predmet\/rokovnjaska-mountain-trail\/\">\r\n\t\t\t\t<img decoding=\"async\" \r\n\t\t\t\t\tclass=\"item-image\"\r\n                    src=\"https:\/\/srce-slovenije.si\/wp-content\/uploads\/2023\/05\/srce_slovenije_rokovnjaka_pot_I.jpg\"\r\n                    width=\"600\"\r\n                    height=\"400\"\r\n                    srcset=\"https:\/\/srce-slovenije.si\/wp-content\/uploads\/2023\/05\/srce_slovenije_rokovnjaka_pot_I.jpg 600w, https:\/\/srce-slovenije.si\/wp-content\/uploads\/2023\/05\/srce_slovenije_rokovnjaka_pot_I-300x200.jpg 300w, https:\/\/srce-slovenije.si\/wp-content\/uploads\/2023\/05\/srce_slovenije_rokovnjaka_pot_I-150x100.jpg 150w\"\r\n                    sizes=\"(max-width: 600px) 100vw, 600px\"\r\n                    alt=\"Rokovnja\u0161ka mountain trail\"\r\n                    style=\"\"                \/>\r\n\t\t\t<\/a>\r\n\t\t<\/div>\r\n\t\t\r\n\t\t<div class=\"item-body\">\r\n\t\t\t<div class=\"item-title\">\r\n\t\t\t\t<a href=\"https:\/\/srce-slovenije.si\/en\/predmet\/rokovnjaska-mountain-trail\/\">\r\n\t\t\t\t\t<div class=\"item-title-wrap\">\r\n\t\t\t\t\t\t<div class=\"post-title\">Rokovnja\u0161ka mountain trail<\/div>\r\n\t\t\t\t\t\t\t\t\t\t\t<\/div>\r\n\t\t\t\t<\/a>\r\n\t\t\t<\/div>\r\n\t\t\t\r\n\t\t\t\r\n\t\t\t\t\t\t<div class=\"item-text\">\r\n\t\t\t\t<div class=\"item-description\">\r\n\t\t\t\t\t<p>A 58 km long mountain trail with 13 checkpoints leads through the places of the (rokovnja\u010di) people, once famous bandits, which can of course be walked only in parts. The highest peak on the route is the 957 m high \u0160pilk, and the Reber lookout tower is particularly attractive. The&#8230;<\/p>\r\n\t\t\t\t\t<a href=\"https:\/\/srce-slovenije.si\/en\/predmet\/rokovnjaska-mountain-trail\/\" class=\"more\">View more<\/a>\r\n\t\t\t\t<\/div>\r\n\t\t\t<\/div>\r\n\t\t\t\t\t\t<div class=\"item-footer\" style=\"\">\r\n\t\t\t\t\t\t\t\t\t\t\t\t<div class=\"item-data address\" style=\"\">\r\n\t\t\t\t\t<span class=\"label\">Address<\/span>\r\n\t\t\t\t\t<span class=\"values\">Stari trg 1, 1225 Lukovica pri Dom\u017ealah<\/span>\r\n\t\t\t\t<\/div>\r\n\t\t\t\t\t\t\t\t\t\t\t\t\t\t\t\t<div class=\"item-data categories\" style=\"\">\r\n\t\t\t\t\t<span class=\"label\">Categories<\/span>\r\n\t\t\t\t\t<span class=\"values\">\r\n\t\t\t\t\t\t\t\t\t\t\t\t<a href=\"https:\/\/srce-slovenije.si\/en\/cat\/walking-trails-en\/\" class=\"value\" style=\"\">Walking trails<\/a>\r\n\t\t\t\t\t\t\t\t\t\t\t<\/span>\r\n\t\t\t\t<\/div>\r\n\t\t\t\t\t\t\t<\/div>\r\n\t\t<\/div>\r\n\t<\/div>\r\n\r\n<\/article>\r\n\r\n\r\n\r\n<article class=\"citadela-article has-thumbnail has-description has-address has-categories\">\r\n\r\n\t<div class=\"item-content\" style=\"\">\r\n\t\t\t\t<div class=\"item-thumbnail\" style=\"\">\r\n\t\t\t<a href=\"https:\/\/srce-slovenije.si\/en\/predmet\/vegova-memorial-trail\/\">\r\n\t\t\t\t<img decoding=\"async\" \r\n\t\t\t\t\tclass=\"item-image\"\r\n                    src=\"https:\/\/srce-slovenije.si\/wp-content\/uploads\/2023\/05\/srce_slovenije_vegova_pot_I_main.jpg\"\r\n                    width=\"600\"\r\n                    height=\"462\"\r\n                    srcset=\"https:\/\/srce-slovenije.si\/wp-content\/uploads\/2023\/05\/srce_slovenije_vegova_pot_I_main.jpg 600w, https:\/\/srce-slovenije.si\/wp-content\/uploads\/2023\/05\/srce_slovenije_vegova_pot_I_main-300x231.jpg 300w, https:\/\/srce-slovenije.si\/wp-content\/uploads\/2023\/05\/srce_slovenije_vegova_pot_I_main-150x116.jpg 150w\"\r\n                    sizes=\"(max-width: 600px) 100vw, 600px\"\r\n                    alt=\"Vegova memorial trail\"\r\n                    style=\"\"                \/>\r\n\t\t\t<\/a>\r\n\t\t<\/div>\r\n\t\t\r\n\t\t<div class=\"item-body\">\r\n\t\t\t<div class=\"item-title\">\r\n\t\t\t\t<a href=\"https:\/\/srce-slovenije.si\/en\/predmet\/vegova-memorial-trail\/\">\r\n\t\t\t\t\t<div class=\"item-title-wrap\">\r\n\t\t\t\t\t\t<div class=\"post-title\">Vegova memorial trail<\/div>\r\n\t\t\t\t\t\t\t\t\t\t\t<\/div>\r\n\t\t\t\t<\/a>\r\n\t\t\t<\/div>\r\n\t\t\t\r\n\t\t\t\r\n\t\t\t\t\t\t<div class=\"item-text\">\r\n\t\t\t\t<div class=\"item-description\">\r\n\t\t\t\t\t<p>The educational trail connecting Dolsko and Zagorica pri Dolskem and Morav\u010de takes you to the place where Jurij Vega, the famous mathematician and artillery journalist, walked more than 250 years ago. You can start at the cultural centre in Dolsko, continue to \u017derjav Castle and then to Vega&#039;s homestead in&#8230;<\/p>\r\n\t\t\t\t\t<a href=\"https:\/\/srce-slovenije.si\/en\/predmet\/vegova-memorial-trail\/\" class=\"more\">View more<\/a>\r\n\t\t\t\t<\/div>\r\n\t\t\t<\/div>\r\n\t\t\t\t\t\t<div class=\"item-footer\" style=\"\">\r\n\t\t\t\t\t\t\t\t\t\t\t\t<div class=\"item-data address\" style=\"\">\r\n\t\t\t\t\t<span class=\"label\">Address<\/span>\r\n\t\t\t\t\t<span class=\"values\">Dol pri Ljubljani 18, 1262 Dol pri Ljubljani<\/span>\r\n\t\t\t\t<\/div>\r\n\t\t\t\t\t\t\t\t\t\t\t\t\t\t\t\t<div class=\"item-data categories\" style=\"\">\r\n\t\t\t\t\t<span class=\"label\">Categories<\/span>\r\n\t\t\t\t\t<span class=\"values\">\r\n\t\t\t\t\t\t\t\t\t\t\t\t<a href=\"https:\/\/srce-slovenije.si\/en\/cat\/walking-trails-en\/\" class=\"value\" style=\"\">Walking trails<\/a>\r\n\t\t\t\t\t\t\t\t\t\t\t<\/span>\r\n\t\t\t\t<\/div>\r\n\t\t\t\t\t\t\t<\/div>\r\n\t\t<\/div>\r\n\t<\/div>\r\n\r\n<\/article>\r\n\r\n\r\n\r\n<article class=\"citadela-article has-thumbnail has-description has-address has-categories\">\r\n\r\n\t<div class=\"item-content\" style=\"\">\r\n\t\t\t\t<div class=\"item-thumbnail\" style=\"\">\r\n\t\t\t<a href=\"https:\/\/srce-slovenije.si\/en\/predmet\/the-stuc-vineyard-hike\/\">\r\n\t\t\t\t<img decoding=\"async\" \r\n\t\t\t\t\tclass=\"item-image\"\r\n                    src=\"https:\/\/srce-slovenije.si\/wp-content\/uploads\/2023\/01\/vinograd_MD-640x480.jpg\"\r\n                    width=\"640\"\r\n                    height=\"480\"\r\n                    srcset=\"https:\/\/srce-slovenije.si\/wp-content\/uploads\/2023\/01\/vinograd_MD-640x480.jpg 640w, https:\/\/srce-slovenije.si\/wp-content\/uploads\/2023\/01\/vinograd_MD-480x360.jpg 480w\"\r\n                    sizes=\"(max-width: 640px) 100vw, 640px\"\r\n                    alt=\"The \u0160tuc vineyard hike\"\r\n                    style=\"\"                \/>\r\n\t\t\t<\/a>\r\n\t\t<\/div>\r\n\t\t\r\n\t\t<div class=\"item-body\">\r\n\t\t\t<div class=\"item-title\">\r\n\t\t\t\t<a href=\"https:\/\/srce-slovenije.si\/en\/predmet\/the-stuc-vineyard-hike\/\">\r\n\t\t\t\t\t<div class=\"item-title-wrap\">\r\n\t\t\t\t\t\t<div class=\"post-title\">The \u0160tuc vineyard hike<\/div>\r\n\t\t\t\t\t\t\t\t\t\t\t<\/div>\r\n\t\t\t\t<\/a>\r\n\t\t\t<\/div>\r\n\t\t\t\r\n\t\t\t\r\n\t\t\t\t\t\t<div class=\"item-text\">\r\n\t\t\t\t<div class=\"item-description\">\r\n\t\t\t\t\t<p>For several years now, the \u0160tuc Hike has been organised by the \u0160tuc wine growers&#039; association \u0160TUC \u0160martno on the first Saturday in June. The trail, about 7 km long, leads from the fire house at Liberga through Preska nad Kostrevnico, between vineyards and numerous cottages and friendly people who&#8230;<\/p>\r\n\t\t\t\t\t<a href=\"https:\/\/srce-slovenije.si\/en\/predmet\/the-stuc-vineyard-hike\/\" class=\"more\">View more<\/a>\r\n\t\t\t\t<\/div>\r\n\t\t\t<\/div>\r\n\t\t\t\t\t\t<div class=\"item-footer\" style=\"\">\r\n\t\t\t\t\t\t\t\t\t\t\t\t<div class=\"item-data address\" style=\"\">\r\n\t\t\t\t\t<span class=\"label\">Address<\/span>\r\n\t\t\t\t\t<span class=\"values\">Staretov trg 25, \u0160martno pri Litiji<\/span>\r\n\t\t\t\t<\/div>\r\n\t\t\t\t\t\t\t\t\t\t\t\t\t\t\t\t<div class=\"item-data categories\" style=\"\">\r\n\t\t\t\t\t<span class=\"label\">Categories<\/span>\r\n\t\t\t\t\t<span class=\"values\">\r\n\t\t\t\t\t\t\t\t\t\t\t\t<a href=\"https:\/\/srce-slovenije.si\/en\/cat\/walking-trails-en\/\" class=\"value\" style=\"\">Walking trails<\/a>\r\n\t\t\t\t\t\t\t\t\t\t\t<\/span>\r\n\t\t\t\t<\/div>\r\n\t\t\t\t\t\t\t<\/div>\r\n\t\t<\/div>\r\n\t<\/div>\r\n\r\n<\/article>\r\n\r\n\r\n\r\n<article class=\"citadela-article has-thumbnail has-description has-address has-categories\">\r\n\r\n\t<div class=\"item-content\" style=\"\">\r\n\t\t\t\t<div class=\"item-thumbnail\" style=\"\">\r\n\t\t\t<a href=\"https:\/\/srce-slovenije.si\/en\/predmet\/the-charcoal-trail\/\">\r\n\t\t\t\t<img decoding=\"async\" \r\n\t\t\t\t\tclass=\"item-image\"\r\n                    src=\"https:\/\/srce-slovenije.si\/wp-content\/uploads\/2023\/01\/DSC00395-640x480.jpg\"\r\n                    width=\"640\"\r\n                    height=\"480\"\r\n                    srcset=\"https:\/\/srce-slovenije.si\/wp-content\/uploads\/2023\/01\/DSC00395-640x480.jpg 640w, https:\/\/srce-slovenije.si\/wp-content\/uploads\/2023\/01\/DSC00395-300x225.jpg 300w, https:\/\/srce-slovenije.si\/wp-content\/uploads\/2023\/01\/DSC00395-1024x768.jpg 1024w, https:\/\/srce-slovenije.si\/wp-content\/uploads\/2023\/01\/DSC00395-768x576.jpg 768w, https:\/\/srce-slovenije.si\/wp-content\/uploads\/2023\/01\/DSC00395-1536x1152.jpg 1536w, https:\/\/srce-slovenije.si\/wp-content\/uploads\/2023\/01\/DSC00395-2048x1536.jpg 2048w, https:\/\/srce-slovenije.si\/wp-content\/uploads\/2023\/01\/DSC00395-900x675.jpg 900w, https:\/\/srce-slovenije.si\/wp-content\/uploads\/2023\/01\/DSC00395-150x113.jpg 150w, https:\/\/srce-slovenije.si\/wp-content\/uploads\/2023\/01\/DSC00395-750x563.jpg 750w, https:\/\/srce-slovenije.si\/wp-content\/uploads\/2023\/01\/DSC00395-1140x855.jpg 1140w, https:\/\/srce-slovenije.si\/wp-content\/uploads\/2023\/01\/DSC00395-480x360.jpg 480w\"\r\n                    sizes=\"(max-width: 640px) 100vw, 640px\"\r\n                    alt=\"The charcoal trail\"\r\n                    style=\"\"                \/>\r\n\t\t\t<\/a>\r\n\t\t<\/div>\r\n\t\t\r\n\t\t<div class=\"item-body\">\r\n\t\t\t<div class=\"item-title\">\r\n\t\t\t\t<a href=\"https:\/\/srce-slovenije.si\/en\/predmet\/the-charcoal-trail\/\">\r\n\t\t\t\t\t<div class=\"item-title-wrap\">\r\n\t\t\t\t\t\t<div class=\"post-title\">The charcoal trail<\/div>\r\n\t\t\t\t\t\t\t\t\t\t\t<\/div>\r\n\t\t\t\t<\/a>\r\n\t\t\t<\/div>\r\n\t\t\t\r\n\t\t\t\r\n\t\t\t\t\t\t<div class=\"item-text\">\r\n\t\t\t\t<div class=\"item-description\">\r\n\t\t\t\t\t<p>The charcoal trail invites you every day of the year, and in May you can join the traditional hike. The entire trail passes by the diggings in different stages, over 12 km of undulating grass, forest and asphalt terrain. The hike does not require any special physical fitness, but equipment&#8230;<\/p>\r\n\t\t\t\t\t<a href=\"https:\/\/srce-slovenije.si\/en\/predmet\/the-charcoal-trail\/\" class=\"more\">View more<\/a>\r\n\t\t\t\t<\/div>\r\n\t\t\t<\/div>\r\n\t\t\t\t\t\t<div class=\"item-footer\" style=\"\">\r\n\t\t\t\t\t\t\t\t\t\t\t\t<div class=\"item-data address\" style=\"\">\r\n\t\t\t\t\t<span class=\"label\">Address<\/span>\r\n\t\t\t\t\t<span class=\"values\">Dole pri Litiji 20, 1273 Dole pri Litiji<\/span>\r\n\t\t\t\t<\/div>\r\n\t\t\t\t\t\t\t\t\t\t\t\t\t\t\t\t<div class=\"item-data categories\" style=\"\">\r\n\t\t\t\t\t<span class=\"label\">Categories<\/span>\r\n\t\t\t\t\t<span class=\"values\">\r\n\t\t\t\t\t\t\t\t\t\t\t\t<a href=\"https:\/\/srce-slovenije.si\/en\/cat\/walking-trails-en\/\" class=\"value\" style=\"\">Walking trails<\/a>\r\n\t\t\t\t\t\t\t\t\t\t\t<\/span>\r\n\t\t\t\t<\/div>\r\n\t\t\t\t\t\t\t<\/div>\r\n\t\t<\/div>\r\n\t<\/div>\r\n\r\n<\/article>\r\n\r\n\r\n\r\n<article class=\"citadela-article has-thumbnail has-description has-address has-categories\">\r\n\r\n\t<div class=\"item-content\" style=\"\">\r\n\t\t\t\t<div class=\"item-thumbnail\" style=\"\">\r\n\t\t\t<a href=\"https:\/\/srce-slovenije.si\/en\/predmet\/antons-hike\/\">\r\n\t\t\t\t<img decoding=\"async\" \r\n\t\t\t\t\tclass=\"item-image\"\r\n                    src=\"https:\/\/srce-slovenije.si\/wp-content\/uploads\/2023\/01\/LovsetovMlin-640x480.jpg\"\r\n                    width=\"640\"\r\n                    height=\"480\"\r\n                    srcset=\"https:\/\/srce-slovenije.si\/wp-content\/uploads\/2023\/01\/LovsetovMlin-640x480.jpg 640w, https:\/\/srce-slovenije.si\/wp-content\/uploads\/2023\/01\/LovsetovMlin-480x360.jpg 480w\"\r\n                    sizes=\"(max-width: 640px) 100vw, 640px\"\r\n                    alt=\"Anton\u00b4s hike\"\r\n                    style=\"\"                \/>\r\n\t\t\t<\/a>\r\n\t\t<\/div>\r\n\t\t\r\n\t\t<div class=\"item-body\">\r\n\t\t\t<div class=\"item-title\">\r\n\t\t\t\t<a href=\"https:\/\/srce-slovenije.si\/en\/predmet\/antons-hike\/\">\r\n\t\t\t\t\t<div class=\"item-title-wrap\">\r\n\t\t\t\t\t\t<div class=\"post-title\">Anton\u00b4s hike<\/div>\r\n\t\t\t\t\t\t\t\t\t\t\t<\/div>\r\n\t\t\t\t<\/a>\r\n\t\t\t<\/div>\r\n\t\t\t\r\n\t\t\t\r\n\t\t\t\t\t\t<div class=\"item-text\">\r\n\t\t\t\t<div class=\"item-description\">\r\n\t\t\t\t\t<p>Anton&#039;s hike takes you through the picturesque landscape of the Dolenjska region and offers a beautiful view of the Dolenjska hills and unspoilt forests and meadows. The walk and all the stops in between (presentations and refreshments) make the whole day more enjoyable, and the route itself is about 10&#8230;<\/p>\r\n\t\t\t\t\t<a href=\"https:\/\/srce-slovenije.si\/en\/predmet\/antons-hike\/\" class=\"more\">View more<\/a>\r\n\t\t\t\t<\/div>\r\n\t\t\t<\/div>\r\n\t\t\t\t\t\t<div class=\"item-footer\" style=\"\">\r\n\t\t\t\t\t\t\t\t\t\t\t\t<div class=\"item-data address\" style=\"\">\r\n\t\t\t\t\t<span class=\"label\">Address<\/span>\r\n\t\t\t\t\t<span class=\"values\">Gabrovka 64, 1274 Gabrovka<\/span>\r\n\t\t\t\t<\/div>\r\n\t\t\t\t\t\t\t\t\t\t\t\t\t\t\t\t<div class=\"item-data categories\" style=\"\">\r\n\t\t\t\t\t<span class=\"label\">Categories<\/span>\r\n\t\t\t\t\t<span class=\"values\">\r\n\t\t\t\t\t\t\t\t\t\t\t\t<a href=\"https:\/\/srce-slovenije.si\/en\/cat\/walking-trails-en\/\" class=\"value\" style=\"\">Walking trails<\/a>\r\n\t\t\t\t\t\t\t\t\t\t\t<\/span>\r\n\t\t\t\t<\/div>\r\n\t\t\t\t\t\t\t<\/div>\r\n\t\t<\/div>\r\n\t<\/div>\r\n\r\n<\/article>\r\n\r\n\r\n\r\n<article class=\"citadela-article has-thumbnail has-description has-address has-categories\">\r\n\r\n\t<div class=\"item-content\" style=\"\">\r\n\t\t\t\t<div class=\"item-thumbnail\" style=\"\">\r\n\t\t\t<a href=\"https:\/\/srce-slovenije.si\/en\/predmet\/from-church-to-church\/\">\r\n\t\t\t\t<img decoding=\"async\" \r\n\t\t\t\t\tclass=\"item-image\"\r\n                    src=\"https:\/\/srce-slovenije.si\/wp-content\/uploads\/2023\/01\/DSC_8927-640x480.jpg\"\r\n                    width=\"640\"\r\n                    height=\"480\"\r\n                    srcset=\"https:\/\/srce-slovenije.si\/wp-content\/uploads\/2023\/01\/DSC_8927-640x480.jpg 640w, https:\/\/srce-slovenije.si\/wp-content\/uploads\/2023\/01\/DSC_8927-480x360.jpg 480w\"\r\n                    sizes=\"(max-width: 640px) 100vw, 640px\"\r\n                    alt=\"From church to church\"\r\n                    style=\"\"                \/>\r\n\t\t\t<\/a>\r\n\t\t<\/div>\r\n\t\t\r\n\t\t<div class=\"item-body\">\r\n\t\t\t<div class=\"item-title\">\r\n\t\t\t\t<a href=\"https:\/\/srce-slovenije.si\/en\/predmet\/from-church-to-church\/\">\r\n\t\t\t\t\t<div class=\"item-title-wrap\">\r\n\t\t\t\t\t\t<div class=\"post-title\">From church to church<\/div>\r\n\t\t\t\t\t\t\t\t\t\t\t<\/div>\r\n\t\t\t\t<\/a>\r\n\t\t\t<\/div>\r\n\t\t\t\r\n\t\t\t\r\n\t\t\t\t\t\t<div class=\"item-text\">\r\n\t\t\t\t<div class=\"item-description\">\r\n\t\t\t\t\t<p>The 12 km long route starts at the parish in the centre of Pol\u0161nik, from where it follows the road to Preveg, past the plague sign in Su\u0161je. To Ostre\u017e, take the longer path along the foothills to the crossroads for Ravne and then to the top. There is a&#8230;<\/p>\r\n\t\t\t\t\t<a href=\"https:\/\/srce-slovenije.si\/en\/predmet\/from-church-to-church\/\" class=\"more\">View more<\/a>\r\n\t\t\t\t<\/div>\r\n\t\t\t<\/div>\r\n\t\t\t\t\t\t<div class=\"item-footer\" style=\"\">\r\n\t\t\t\t\t\t\t\t\t\t\t\t<div class=\"item-data address\" style=\"\">\r\n\t\t\t\t\t<span class=\"label\">Address<\/span>\r\n\t\t\t\t\t<span class=\"values\">Pol\u0161nik 25 B, 1272 Pol\u0161nik<\/span>\r\n\t\t\t\t<\/div>\r\n\t\t\t\t\t\t\t\t\t\t\t\t\t\t\t\t<div class=\"item-data categories\" style=\"\">\r\n\t\t\t\t\t<span class=\"label\">Categories<\/span>\r\n\t\t\t\t\t<span class=\"values\">\r\n\t\t\t\t\t\t\t\t\t\t\t\t<a href=\"https:\/\/srce-slovenije.si\/en\/cat\/walking-trails-en\/\" class=\"value\" style=\"\">Walking trails<\/a>\r\n\t\t\t\t\t\t\t\t\t\t\t<\/span>\r\n\t\t\t\t<\/div>\r\n\t\t\t\t\t\t\t<\/div>\r\n\t\t<\/div>\r\n\t<\/div>\r\n\r\n<\/article>\r\n\r\n\r\n\r\n<article class=\"citadela-article has-thumbnail has-description has-address has-categories\">\r\n\r\n\t<div class=\"item-content\" style=\"\">\r\n\t\t\t\t<div class=\"item-thumbnail\" style=\"\">\r\n\t\t\t<a href=\"https:\/\/srce-slovenije.si\/en\/predmet\/humar-trail\/\">\r\n\t\t\t\t<img decoding=\"async\" \r\n\t\t\t\t\tclass=\"item-image\"\r\n                    src=\"https:\/\/srce-slovenije.si\/wp-content\/uploads\/2023\/01\/IMG_7036-640x480.jpg\"\r\n                    width=\"640\"\r\n                    height=\"480\"\r\n                    srcset=\"https:\/\/srce-slovenije.si\/wp-content\/uploads\/2023\/01\/IMG_7036-640x480.jpg 640w, https:\/\/srce-slovenije.si\/wp-content\/uploads\/2023\/01\/IMG_7036-480x360.jpg 480w\"\r\n                    sizes=\"(max-width: 640px) 100vw, 640px\"\r\n                    alt=\"Humar trail\"\r\n                    style=\"\"                \/>\r\n\t\t\t<\/a>\r\n\t\t<\/div>\r\n\t\t\r\n\t\t<div class=\"item-body\">\r\n\t\t\t<div class=\"item-title\">\r\n\t\t\t\t<a href=\"https:\/\/srce-slovenije.si\/en\/predmet\/humar-trail\/\">\r\n\t\t\t\t\t<div class=\"item-title-wrap\">\r\n\t\t\t\t\t\t<div class=\"post-title\">Humar trail<\/div>\r\n\t\t\t\t\t\t\t\t\t\t\t<\/div>\r\n\t\t\t\t<\/a>\r\n\t\t\t<\/div>\r\n\t\t\t\r\n\t\t\t\r\n\t\t\t\t\t\t<div class=\"item-text\">\r\n\t\t\t\t<div class=\"item-description\">\r\n\t\t\t\t\t<p>Humar trail was named after Jurij Humar, a parish priest in Primskovo who healed with magnetism. The starting point is at the \u017donta Caf\u00e9 in Stranjah pri Velikem Gabru. The 12 km long circular route passes through three municipalities, \u0160martno pri Litija, Trebnje and Ivan\u010dna Gorica. The route is signposted&#8230;<\/p>\r\n\t\t\t\t\t<a href=\"https:\/\/srce-slovenije.si\/en\/predmet\/humar-trail\/\" class=\"more\">View more<\/a>\r\n\t\t\t\t<\/div>\r\n\t\t\t<\/div>\r\n\t\t\t\t\t\t<div class=\"item-footer\" style=\"\">\r\n\t\t\t\t\t\t\t\t\t\t\t\t<div class=\"item-data address\" style=\"\">\r\n\t\t\t\t\t<span class=\"label\">Address<\/span>\r\n\t\t\t\t\t<span class=\"values\">Sevno 44, 1276 Primskovo<\/span>\r\n\t\t\t\t<\/div>\r\n\t\t\t\t\t\t\t\t\t\t\t\t\t\t\t\t<div class=\"item-data categories\" style=\"\">\r\n\t\t\t\t\t<span class=\"label\">Categories<\/span>\r\n\t\t\t\t\t<span class=\"values\">\r\n\t\t\t\t\t\t\t\t\t\t\t\t<a href=\"https:\/\/srce-slovenije.si\/en\/cat\/walking-trails-en\/\" class=\"value\" style=\"\">Walking trails<\/a>\r\n\t\t\t\t\t\t\t\t\t\t\t<\/span>\r\n\t\t\t\t<\/div>\r\n\t\t\t\t\t\t\t<\/div>\r\n\t\t<\/div>\r\n\t<\/div>\r\n\r\n<\/article>\r\n\r\n\r\n\r\n<article class=\"citadela-article has-thumbnail has-description has-address has-categories\">\r\n\r\n\t<div class=\"item-content\" style=\"\">\r\n\t\t\t\t<div class=\"item-thumbnail\" style=\"\">\r\n\t\t\t<a href=\"https:\/\/srce-slovenije.si\/en\/predmet\/levstik-trail\/\">\r\n\t\t\t\t<img decoding=\"async\" \r\n\t\t\t\t\tclass=\"item-image\"\r\n                    src=\"https:\/\/srce-slovenije.si\/wp-content\/uploads\/2023\/01\/levstikova_pot_006-640x480.jpg\"\r\n                    width=\"640\"\r\n                    height=\"480\"\r\n                    srcset=\"https:\/\/srce-slovenije.si\/wp-content\/uploads\/2023\/01\/levstikova_pot_006-640x480.jpg 640w, https:\/\/srce-slovenije.si\/wp-content\/uploads\/2023\/01\/levstikova_pot_006-480x360.jpg 480w\"\r\n                    sizes=\"(max-width: 640px) 100vw, 640px\"\r\n                    alt=\"Levstik trail\"\r\n                    style=\"\"                \/>\r\n\t\t\t<\/a>\r\n\t\t<\/div>\r\n\t\t\r\n\t\t<div class=\"item-body\">\r\n\t\t\t<div class=\"item-title\">\r\n\t\t\t\t<a href=\"https:\/\/srce-slovenije.si\/en\/predmet\/levstik-trail\/\">\r\n\t\t\t\t\t<div class=\"item-title-wrap\">\r\n\t\t\t\t\t\t<div class=\"post-title\">Levstik trail<\/div>\r\n\t\t\t\t\t\t\t\t\t\t\t<\/div>\r\n\t\t\t\t<\/a>\r\n\t\t\t<\/div>\r\n\t\t\t\r\n\t\t\t\r\n\t\t\t\t\t\t<div class=\"item-text\">\r\n\t\t\t\t<div class=\"item-description\">\r\n\t\t\t\t\t<p>The Levstik Trail was created in 1987, when 397 travellers from all over Slovenia set off on the first 22-kilometre hike. The starting point of the Levstik Trail is Levstikova ulica in the old town centre of Litija, and on the second Saturday in November, the annual mass journey also&#8230;<\/p>\r\n\t\t\t\t\t<a href=\"https:\/\/srce-slovenije.si\/en\/predmet\/levstik-trail\/\" class=\"more\">View more<\/a>\r\n\t\t\t\t<\/div>\r\n\t\t\t<\/div>\r\n\t\t\t\t\t\t<div class=\"item-footer\" style=\"\">\r\n\t\t\t\t\t\t\t\t\t\t\t\t<div class=\"item-data address\" style=\"\">\r\n\t\t\t\t\t<span class=\"label\">Address<\/span>\r\n\t\t\t\t\t<span class=\"values\">Sevno 44, 1276 Primskovo<\/span>\r\n\t\t\t\t<\/div>\r\n\t\t\t\t\t\t\t\t\t\t\t\t\t\t\t\t<div class=\"item-data categories\" style=\"\">\r\n\t\t\t\t\t<span class=\"label\">Categories<\/span>\r\n\t\t\t\t\t<span class=\"values\">\r\n\t\t\t\t\t\t\t\t\t\t\t\t<a href=\"https:\/\/srce-slovenije.si\/en\/cat\/walking-trails-en\/\" class=\"value\" style=\"\">Walking trails<\/a>\r\n\t\t\t\t\t\t\t\t\t\t\t<\/span>\r\n\t\t\t\t<\/div>\r\n\t\t\t\t\t\t\t<\/div>\r\n\t\t<\/div>\r\n\t<\/div>\r\n\r\n<\/article>\r\n\r\n\r\n\r\n<article class=\"citadela-article has-thumbnail has-description has-address has-categories\">\r\n\r\n\t<div class=\"item-content\" style=\"\">\r\n\t\t\t\t<div class=\"item-thumbnail\" style=\"\">\r\n\t\t\t<a href=\"https:\/\/srce-slovenije.si\/en\/predmet\/hiking-the-jablanica-trail\/\">\r\n\t\t\t\t<img decoding=\"async\" \r\n\t\t\t\t\tclass=\"item-image\"\r\n                    src=\"https:\/\/srce-slovenije.si\/wp-content\/uploads\/2023\/01\/DSC07237-640x480.jpg\"\r\n                    width=\"640\"\r\n                    height=\"480\"\r\n                    srcset=\"https:\/\/srce-slovenije.si\/wp-content\/uploads\/2023\/01\/DSC07237-640x480.jpg 640w, https:\/\/srce-slovenije.si\/wp-content\/uploads\/2023\/01\/DSC07237-480x360.jpg 480w\"\r\n                    sizes=\"(max-width: 640px) 100vw, 640px\"\r\n                    alt=\"Hiking the Jablanica trail\"\r\n                    style=\"\"                \/>\r\n\t\t\t<\/a>\r\n\t\t<\/div>\r\n\t\t\r\n\t\t<div class=\"item-body\">\r\n\t\t\t<div class=\"item-title\">\r\n\t\t\t\t<a href=\"https:\/\/srce-slovenije.si\/en\/predmet\/hiking-the-jablanica-trail\/\">\r\n\t\t\t\t\t<div class=\"item-title-wrap\">\r\n\t\t\t\t\t\t<div class=\"post-title\">Hiking the Jablanica trail<\/div>\r\n\t\t\t\t\t\t\t\t\t\t\t<\/div>\r\n\t\t\t\t<\/a>\r\n\t\t\t<\/div>\r\n\t\t\t\r\n\t\t\t\r\n\t\t\t\t\t\t<div class=\"item-text\">\r\n\t\t\t\t<div class=\"item-description\">\r\n\t\t\t\t\t<p>The starting point can also be reached by train to Litija and then by bus to Zg. Jablanica. The 18 km long route leads from the fire station past St. Ana&#039;s Church along a track to Jablani\u0161ke Laze. It continues along the asphalt road through the village of Bukovica, crosses&#8230;<\/p>\r\n\t\t\t\t\t<a href=\"https:\/\/srce-slovenije.si\/en\/predmet\/hiking-the-jablanica-trail\/\" class=\"more\">View more<\/a>\r\n\t\t\t\t<\/div>\r\n\t\t\t<\/div>\r\n\t\t\t\t\t\t<div class=\"item-footer\" style=\"\">\r\n\t\t\t\t\t\t\t\t\t\t\t\t<div class=\"item-data address\" style=\"\">\r\n\t\t\t\t\t<span class=\"label\">Address<\/span>\r\n\t\t\t\t\t<span class=\"values\"> Zgornja Jablanica 1, 1275 \u0160martno pri Litiji<\/span>\r\n\t\t\t\t<\/div>\r\n\t\t\t\t\t\t\t\t\t\t\t\t\t\t\t\t<div class=\"item-data categories\" style=\"\">\r\n\t\t\t\t\t<span class=\"label\">Categories<\/span>\r\n\t\t\t\t\t<span class=\"values\">\r\n\t\t\t\t\t\t\t\t\t\t\t\t<a href=\"https:\/\/srce-slovenije.si\/en\/cat\/walking-trails-en\/\" class=\"value\" style=\"\">Walking trails<\/a>\r\n\t\t\t\t\t\t\t\t\t\t\t<\/span>\r\n\t\t\t\t<\/div>\r\n\t\t\t\t\t\t\t<\/div>\r\n\t\t<\/div>\r\n\t<\/div>\r\n\r\n<\/article>\r\n\r\n\r\n\r\n<article class=\"citadela-article has-thumbnail has-description has-address has-categories\">\r\n\r\n\t<div class=\"item-content\" style=\"\">\r\n\t\t\t\t<div class=\"item-thumbnail\" style=\"\">\r\n\t\t\t<a href=\"https:\/\/srce-slovenije.si\/en\/predmet\/valvasors-circular-trail\/\">\r\n\t\t\t\t<img decoding=\"async\" \r\n\t\t\t\t\tclass=\"item-image\"\r\n                    src=\"https:\/\/srce-slovenije.si\/wp-content\/uploads\/2023\/01\/Valvasorjeva-pot-2-640x480.jpg\"\r\n                    width=\"640\"\r\n                    height=\"480\"\r\n                    srcset=\"https:\/\/srce-slovenije.si\/wp-content\/uploads\/2023\/01\/Valvasorjeva-pot-2-640x480.jpg 640w, https:\/\/srce-slovenije.si\/wp-content\/uploads\/2023\/01\/Valvasorjeva-pot-2-300x225.jpg 300w, https:\/\/srce-slovenije.si\/wp-content\/uploads\/2023\/01\/Valvasorjeva-pot-2-768x576.jpg 768w, https:\/\/srce-slovenije.si\/wp-content\/uploads\/2023\/01\/Valvasorjeva-pot-2-900x675.jpg 900w, https:\/\/srce-slovenije.si\/wp-content\/uploads\/2023\/01\/Valvasorjeva-pot-2-150x113.jpg 150w, https:\/\/srce-slovenije.si\/wp-content\/uploads\/2023\/01\/Valvasorjeva-pot-2-750x563.jpg 750w, https:\/\/srce-slovenije.si\/wp-content\/uploads\/2023\/01\/Valvasorjeva-pot-2-480x360.jpg 480w, https:\/\/srce-slovenije.si\/wp-content\/uploads\/2023\/01\/Valvasorjeva-pot-2.jpg 1024w\"\r\n                    sizes=\"(max-width: 640px) 100vw, 640px\"\r\n                    alt=\"Valvasor&#039;s circular trail\"\r\n                    style=\"\"                \/>\r\n\t\t\t<\/a>\r\n\t\t<\/div>\r\n\t\t\r\n\t\t<div class=\"item-body\">\r\n\t\t\t<div class=\"item-title\">\r\n\t\t\t\t<a href=\"https:\/\/srce-slovenije.si\/en\/predmet\/valvasors-circular-trail\/\">\r\n\t\t\t\t\t<div class=\"item-title-wrap\">\r\n\t\t\t\t\t\t<div class=\"post-title\">Valvasor&#039;s circular trail<\/div>\r\n\t\t\t\t\t\t\t\t\t\t\t<\/div>\r\n\t\t\t\t<\/a>\r\n\t\t\t<\/div>\r\n\t\t\t\r\n\t\t\t\r\n\t\t\t\t\t\t<div class=\"item-text\">\r\n\t\t\t\t<div class=\"item-description\">\r\n\t\t\t\t\t<p>The three-hour circular trail around the slopes of the Bogen\u0161perk Castle estate is 11 km long and connects five castles: Bogen\u0161perk, \u010crni potok, Lihtenberk, Selo and Slatna. The starting point of the trail is the car park in front of Bogen\u0161perk Castle, named after the noble Wagni family, who probably&#8230;<\/p>\r\n\t\t\t\t\t<a href=\"https:\/\/srce-slovenije.si\/en\/predmet\/valvasors-circular-trail\/\" class=\"more\">View more<\/a>\r\n\t\t\t\t<\/div>\r\n\t\t\t<\/div>\r\n\t\t\t\t\t\t<div class=\"item-footer\" style=\"\">\r\n\t\t\t\t\t\t\t\t\t\t\t\t<div class=\"item-data address\" style=\"\">\r\n\t\t\t\t\t<span class=\"label\">Address<\/span>\r\n\t\t\t\t\t<span class=\"values\">Staretov trg 12, 1275 \u0160martno pri Litiji<\/span>\r\n\t\t\t\t<\/div>\r\n\t\t\t\t\t\t\t\t\t\t\t\t\t\t\t\t<div class=\"item-data categories\" style=\"\">\r\n\t\t\t\t\t<span class=\"label\">Categories<\/span>\r\n\t\t\t\t\t<span class=\"values\">\r\n\t\t\t\t\t\t\t\t\t\t\t\t<a href=\"https:\/\/srce-slovenije.si\/en\/cat\/walking-trails-en\/\" class=\"value\" style=\"\">Walking trails<\/a>\r\n\t\t\t\t\t\t\t\t\t\t\t<\/span>\r\n\t\t\t\t<\/div>\r\n\t\t\t\t\t\t\t<\/div>\r\n\t\t<\/div>\r\n\t<\/div>\r\n\r\n<\/article>\r\n\r\n\r\n\r\n<article class=\"citadela-article has-thumbnail has-description has-address has-categories\">\r\n\r\n\t<div class=\"item-content\" style=\"\">\r\n\t\t\t\t<div class=\"item-thumbnail\" style=\"\">\r\n\t\t\t<a href=\"https:\/\/srce-slovenije.si\/en\/predmet\/lusna-trail\/\">\r\n\t\t\t\t<img decoding=\"async\" \r\n\t\t\t\t\tclass=\"item-image\"\r\n                    src=\"https:\/\/srce-slovenije.si\/wp-content\/uploads\/2023\/01\/Lusna-pot-4-640x480.jpg\"\r\n                    width=\"640\"\r\n                    height=\"480\"\r\n                    srcset=\"https:\/\/srce-slovenije.si\/wp-content\/uploads\/2023\/01\/Lusna-pot-4-640x480.jpg 640w, https:\/\/srce-slovenije.si\/wp-content\/uploads\/2023\/01\/Lusna-pot-4-480x360.jpg 480w\"\r\n                    sizes=\"(max-width: 640px) 100vw, 640px\"\r\n                    alt=\"Lu\u0161na trail\"\r\n                    style=\"\"                \/>\r\n\t\t\t<\/a>\r\n\t\t<\/div>\r\n\t\t\r\n\t\t<div class=\"item-body\">\r\n\t\t\t<div class=\"item-title\">\r\n\t\t\t\t<a href=\"https:\/\/srce-slovenije.si\/en\/predmet\/lusna-trail\/\">\r\n\t\t\t\t\t<div class=\"item-title-wrap\">\r\n\t\t\t\t\t\t<div class=\"post-title\">Lu\u0161na trail<\/div>\r\n\t\t\t\t\t\t\t\t\t\t\t<\/div>\r\n\t\t\t\t<\/a>\r\n\t\t\t<\/div>\r\n\t\t\t\r\n\t\t\t\r\n\t\t\t\t\t\t<div class=\"item-text\">\r\n\t\t\t\t<div class=\"item-description\">\r\n\t\t\t\t\t<p>It is not known who chose the name of the route, which is not in accordance with the correct use of the Slovenian language. But the name apparently stuck, and more than that. More than 7000 visitor entries are recorded each year in a book located at the end of&#8230;<\/p>\r\n\t\t\t\t\t<a href=\"https:\/\/srce-slovenije.si\/en\/predmet\/lusna-trail\/\" class=\"more\">View more<\/a>\r\n\t\t\t\t<\/div>\r\n\t\t\t<\/div>\r\n\t\t\t\t\t\t<div class=\"item-footer\" style=\"\">\r\n\t\t\t\t\t\t\t\t\t\t\t\t<div class=\"item-data address\" style=\"\">\r\n\t\t\t\t\t<span class=\"label\">Address<\/span>\r\n\t\t\t\t\t<span class=\"values\">Staretov trg 12, 1275 \u0160martno pri Litiji<\/span>\r\n\t\t\t\t<\/div>\r\n\t\t\t\t\t\t\t\t\t\t\t\t\t\t\t\t<div class=\"item-data categories\" style=\"\">\r\n\t\t\t\t\t<span class=\"label\">Categories<\/span>\r\n\t\t\t\t\t<span class=\"values\">\r\n\t\t\t\t\t\t\t\t\t\t\t\t<a href=\"https:\/\/srce-slovenije.si\/en\/cat\/walking-trails-en\/\" class=\"value\" style=\"\">Walking trails<\/a>\r\n\t\t\t\t\t\t\t\t\t\t\t<\/span>\r\n\t\t\t\t<\/div>\r\n\t\t\t\t\t\t\t<\/div>\r\n\t\t<\/div>\r\n\t<\/div>\r\n\r\n<\/article>\r\n\r\n\r\n\r\n<article class=\"citadela-article has-thumbnail has-description has-address has-categories\">\r\n\r\n\t<div class=\"item-content\" style=\"\">\r\n\t\t\t\t<div class=\"item-thumbnail\" style=\"\">\r\n\t\t\t<a href=\"https:\/\/srce-slovenije.si\/en\/predmet\/panoramic-trail-javorje\/\">\r\n\t\t\t\t<img decoding=\"async\" \r\n\t\t\t\t\tclass=\"item-image\"\r\n                    src=\"https:\/\/srce-slovenije.si\/wp-content\/uploads\/2023\/01\/Javorska_energijska_pot_008-1-640x480.jpg\"\r\n                    width=\"640\"\r\n                    height=\"480\"\r\n                    srcset=\"https:\/\/srce-slovenije.si\/wp-content\/uploads\/2023\/01\/Javorska_energijska_pot_008-1-640x480.jpg 640w, https:\/\/srce-slovenije.si\/wp-content\/uploads\/2023\/01\/Javorska_energijska_pot_008-1-480x360.jpg 480w\"\r\n                    sizes=\"(max-width: 640px) 100vw, 640px\"\r\n                    alt=\"Panoramic trail Javorje\"\r\n                    style=\"\"                \/>\r\n\t\t\t<\/a>\r\n\t\t<\/div>\r\n\t\t\r\n\t\t<div class=\"item-body\">\r\n\t\t\t<div class=\"item-title\">\r\n\t\t\t\t<a href=\"https:\/\/srce-slovenije.si\/en\/predmet\/panoramic-trail-javorje\/\">\r\n\t\t\t\t\t<div class=\"item-title-wrap\">\r\n\t\t\t\t\t\t<div class=\"post-title\">Panoramic trail Javorje<\/div>\r\n\t\t\t\t\t\t\t\t\t\t\t<\/div>\r\n\t\t\t\t<\/a>\r\n\t\t\t<\/div>\r\n\t\t\t\r\n\t\t\t\r\n\t\t\t\t\t\t<div class=\"item-text\">\r\n\t\t\t\t<div class=\"item-description\">\r\n\t\t\t\t\t<p>The 6 km long panoramic circular route starts at the school in Javorje, where there is a plaque with an outline of the route, and mostly runs along the border area between the municipalities of \u0160martno pri Litija and Ivan\u010dna Gorica. The trail offers beautiful views of Dolenjska and Zasavje,&#8230;<\/p>\r\n\t\t\t\t\t<a href=\"https:\/\/srce-slovenije.si\/en\/predmet\/panoramic-trail-javorje\/\" class=\"more\">View more<\/a>\r\n\t\t\t\t<\/div>\r\n\t\t\t<\/div>\r\n\t\t\t\t\t\t<div class=\"item-footer\" style=\"\">\r\n\t\t\t\t\t\t\t\t\t\t\t\t<div class=\"item-data address\" style=\"\">\r\n\t\t\t\t\t<span class=\"label\">Address<\/span>\r\n\t\t\t\t\t<span class=\"values\">Staretov trg 12, 1275 \u0160martno pri Litiji<\/span>\r\n\t\t\t\t<\/div>\r\n\t\t\t\t\t\t\t\t\t\t\t\t\t\t\t\t<div class=\"item-data categories\" style=\"\">\r\n\t\t\t\t\t<span class=\"label\">Categories<\/span>\r\n\t\t\t\t\t<span class=\"values\">\r\n\t\t\t\t\t\t\t\t\t\t\t\t<a href=\"https:\/\/srce-slovenije.si\/en\/cat\/walking-trails-en\/\" class=\"value\" style=\"\">Walking trails<\/a>\r\n\t\t\t\t\t\t\t\t\t\t\t<\/span>\r\n\t\t\t\t<\/div>\r\n\t\t\t\t\t\t\t<\/div>\r\n\t\t<\/div>\r\n\t<\/div>\r\n\r\n<\/article>\r\n\r\n\r\n\r\n<article class=\"citadela-article has-thumbnail has-description has-address has-categories\">\r\n\r\n\t<div class=\"item-content\" style=\"\">\r\n\t\t\t\t<div class=\"item-thumbnail\" style=\"\">\r\n\t\t\t<a href=\"https:\/\/srce-slovenije.si\/en\/predmet\/svibno-forest-learning-trail\/\">\r\n\t\t\t\t<img decoding=\"async\" \r\n\t\t\t\t\tclass=\"item-image\"\r\n                    src=\"https:\/\/srce-slovenije.si\/wp-content\/uploads\/2023\/01\/IMG-tabla-2_Svibno-copy-640x480.jpg\"\r\n                    width=\"640\"\r\n                    height=\"480\"\r\n                    srcset=\"https:\/\/srce-slovenije.si\/wp-content\/uploads\/2023\/01\/IMG-tabla-2_Svibno-copy-640x480.jpg 640w, https:\/\/srce-slovenije.si\/wp-content\/uploads\/2023\/01\/IMG-tabla-2_Svibno-copy-300x225.jpg 300w, https:\/\/srce-slovenije.si\/wp-content\/uploads\/2023\/01\/IMG-tabla-2_Svibno-copy-768x577.jpg 768w, https:\/\/srce-slovenije.si\/wp-content\/uploads\/2023\/01\/IMG-tabla-2_Svibno-copy-900x676.jpg 900w, https:\/\/srce-slovenije.si\/wp-content\/uploads\/2023\/01\/IMG-tabla-2_Svibno-copy-150x113.jpg 150w, https:\/\/srce-slovenije.si\/wp-content\/uploads\/2023\/01\/IMG-tabla-2_Svibno-copy-750x563.jpg 750w, https:\/\/srce-slovenije.si\/wp-content\/uploads\/2023\/01\/IMG-tabla-2_Svibno-copy-480x360.jpg 480w, https:\/\/srce-slovenije.si\/wp-content\/uploads\/2023\/01\/IMG-tabla-2_Svibno-copy.jpg 959w\"\r\n                    sizes=\"(max-width: 640px) 100vw, 640px\"\r\n                    alt=\"Svibno forest learning trail\"\r\n                    style=\"\"                \/>\r\n\t\t\t<\/a>\r\n\t\t<\/div>\r\n\t\t\r\n\t\t<div class=\"item-body\">\r\n\t\t\t<div class=\"item-title\">\r\n\t\t\t\t<a href=\"https:\/\/srce-slovenije.si\/en\/predmet\/svibno-forest-learning-trail\/\">\r\n\t\t\t\t\t<div class=\"item-title-wrap\">\r\n\t\t\t\t\t\t<div class=\"post-title\">Svibno forest learning trail<\/div>\r\n\t\t\t\t\t\t\t\t\t\t\t<\/div>\r\n\t\t\t\t<\/a>\r\n\t\t\t<\/div>\r\n\t\t\t\r\n\t\t\t\r\n\t\t\t\t\t\t<div class=\"item-text\">\r\n\t\t\t\t<div class=\"item-description\">\r\n\t\t\t\t\t<p>The forest trail has 13 points where signs describe the characteristics of the forest and nature: the importance of forests, forest etiquette, animals and plants in the forest, forest fruits, tree growth, pests and disasters in the forest, and the developmental stages of trees. One of the boards is a&#8230;<\/p>\r\n\t\t\t\t\t<a href=\"https:\/\/srce-slovenije.si\/en\/predmet\/svibno-forest-learning-trail\/\" class=\"more\">View more<\/a>\r\n\t\t\t\t<\/div>\r\n\t\t\t<\/div>\r\n\t\t\t\t\t\t<div class=\"item-footer\" style=\"\">\r\n\t\t\t\t\t\t\t\t\t\t\t\t<div class=\"item-data address\" style=\"\">\r\n\t\t\t\t\t<span class=\"label\">Address<\/span>\r\n\t\t\t\t\t<span class=\"values\">Ponovi\u0161ka cesta 12, 1270 Litija<\/span>\r\n\t\t\t\t<\/div>\r\n\t\t\t\t\t\t\t\t\t\t\t\t\t\t\t\t<div class=\"item-data categories\" style=\"\">\r\n\t\t\t\t\t<span class=\"label\">Categories<\/span>\r\n\t\t\t\t\t<span class=\"values\">\r\n\t\t\t\t\t\t\t\t\t\t\t\t<a href=\"https:\/\/srce-slovenije.si\/en\/cat\/walking-trails-en\/\" class=\"value\" style=\"\">Walking trails<\/a>\r\n\t\t\t\t\t\t\t\t\t\t\t<\/span>\r\n\t\t\t\t<\/div>\r\n\t\t\t\t\t\t\t<\/div>\r\n\t\t<\/div>\r\n\t<\/div>\r\n\r\n<\/article>\r\n\r\n\r\n\r\n<article class=\"citadela-article has-thumbnail has-description has-address has-categories\">\r\n\r\n\t<div class=\"item-content\" style=\"\">\r\n\t\t\t\t<div class=\"item-thumbnail\" style=\"\">\r\n\t\t\t<a href=\"https:\/\/srce-slovenije.si\/en\/predmet\/vace-archaeological-trail\/\">\r\n\t\t\t\t<img decoding=\"async\" \r\n\t\t\t\t\tclass=\"item-image\"\r\n                    src=\"https:\/\/srce-slovenije.si\/wp-content\/uploads\/2023\/01\/IMAG3672-640x480.jpg\"\r\n                    width=\"640\"\r\n                    height=\"480\"\r\n                    srcset=\"https:\/\/srce-slovenije.si\/wp-content\/uploads\/2023\/01\/IMAG3672-640x480.jpg 640w, https:\/\/srce-slovenije.si\/wp-content\/uploads\/2023\/01\/IMAG3672-480x360.jpg 480w\"\r\n                    sizes=\"(max-width: 640px) 100vw, 640px\"\r\n                    alt=\"Va\u010de archaeological trail\"\r\n                    style=\"\"                \/>\r\n\t\t\t<\/a>\r\n\t\t<\/div>\r\n\t\t\r\n\t\t<div class=\"item-body\">\r\n\t\t\t<div class=\"item-title\">\r\n\t\t\t\t<a href=\"https:\/\/srce-slovenije.si\/en\/predmet\/vace-archaeological-trail\/\">\r\n\t\t\t\t\t<div class=\"item-title-wrap\">\r\n\t\t\t\t\t\t<div class=\"post-title\">Va\u010de archaeological trail<\/div>\r\n\t\t\t\t\t\t\t\t\t\t\t<\/div>\r\n\t\t\t\t<\/a>\r\n\t\t\t<\/div>\r\n\t\t\t\r\n\t\t\t\r\n\t\t\t\t\t\t<div class=\"item-text\">\r\n\t\t\t\t<div class=\"item-description\">\r\n\t\t\t\t\t<p>The trail passes through the archaeological site of Va\u010de. It can start or end at the Peter Svetika Museum, where one of the exhibition spaces is dedicated to learning about the culture and way of life in Iron age Va\u010de. The trail is 5 km long and visitors are guided&#8230;<\/p>\r\n\t\t\t\t\t<a href=\"https:\/\/srce-slovenije.si\/en\/predmet\/vace-archaeological-trail\/\" class=\"more\">View more<\/a>\r\n\t\t\t\t<\/div>\r\n\t\t\t<\/div>\r\n\t\t\t\t\t\t<div class=\"item-footer\" style=\"\">\r\n\t\t\t\t\t\t\t\t\t\t\t\t<div class=\"item-data address\" style=\"\">\r\n\t\t\t\t\t<span class=\"label\">Address<\/span>\r\n\t\t\t\t\t<span class=\"values\">Va\u010de 10, 1252 Va\u010de<\/span>\r\n\t\t\t\t<\/div>\r\n\t\t\t\t\t\t\t\t\t\t\t\t\t\t\t\t<div class=\"item-data categories\" style=\"\">\r\n\t\t\t\t\t<span class=\"label\">Categories<\/span>\r\n\t\t\t\t\t<span class=\"values\">\r\n\t\t\t\t\t\t\t\t\t\t\t\t<a href=\"https:\/\/srce-slovenije.si\/en\/cat\/walking-trails-en\/\" class=\"value\" style=\"\">Walking trails<\/a>\r\n\t\t\t\t\t\t\t\t\t\t\t<\/span>\r\n\t\t\t\t<\/div>\r\n\t\t\t\t\t\t\t<\/div>\r\n\t\t<\/div>\r\n\t<\/div>\r\n\r\n<\/article>\r\n\r\n\r\n                <\/div>\r\n                \r\n                \r\n            <\/div>\r\n            \r\n                        \r\n        <\/div>\r\n        \n\n         <div \r\n            class=\"citadela-block-responsive-text align-left\"\r\n                                 >\r\n            <h5 class=\"inner-tag\" style=\"\">ZEMLJEVIDI POTI<\/h5>         <\/div>\r\n      \n\n\r\n        <div class='wp-block-citadela-blocks ctdl-directory-google-map loading-content custom-height'>\r\n            <div class='citadela-openstreetmap provider-wrapper'>\r\n                <div data-endpoint=\"https:\/\/srce-slovenije.si\/wp-json\/citadela-directory\/map-data\/points\/citadela-item?dataType=all&amp;category=392&amp;location=&amp;only_featured=0\"data-theme=\"default\"data-map-height=\"500px\"data-cluster=\"80\"data-type=\"all\"data-dynamic-track=\"true\" class='component-container'><\/div>\r\n                \r\n            <\/div>\r\n            <div class='citadela-loader'>\r\n                <div class='inner-wrapper'>\r\n                    <i class='fas fa-circle-notch fa-spin'><\/i>\r\n                <\/div>\r\n            <\/div>\r\n        <\/div>\r\n        ","protected":false},"excerpt":{"rendered":"","protected":false},"author":11,"featured_media":0,"parent":0,"menu_order":0,"comment_status":"closed","ping_status":"closed","template":"","meta":{"_citadela_hide_page_title":"1","_citadela_remove_header_space":"1","_citadela_custom_class":"","_citadela_half_map_provider":"","_citadela_half_map_theme":"","_citadela_half_map_themeOSM":"","_citadela_half_map_customTheme":"","_citadela_half_map_dataType":"","_citadela_half_map_dynamicTrack":false,"_citadela_half_map_trackColor":"","_citadela_half_map_trackEndpointsColor":"","_citadela_half_map_filterCategory":"","_citadela_half_map_filterLocation":"","_citadela_half_map_filterFeatured":false,"_citadela_half_map_noDataBehavior":"empty-map","_citadela_half_map_noDataText":"","_citadela_half_map_clusterGridSize":80,"_citadela_header":true,"_citadela_header_over_content":true,"_citadela_header_text_color":"rgba(255, 255, 255, 1)","_citadela_header_logo":[],"_citadela_header_bg_image":[],"_citadela_header_bg_position":{"x":0.5,"y":0.5},"_citadela_header_bg_size":"cover","_citadela_header_bg_repeat":"no-repeat","_citadela_header_bg_fixed":false,"_citadela_header_bg_color":"","_citadela_header_bg_image_overlay":"","_citadela_header_transparent_bg":true,"_citadela_content_width":"wide","_citadela_half_layout_position":"","footnotes":""},"class_list":["post-17722","page","type-page","status-publish","hentry"],"_links":{"self":[{"href":"https:\/\/srce-slovenije.si\/en\/wp-json\/wp\/v2\/pages\/17722","targetHints":{"allow":["GET"]}}],"collection":[{"href":"https:\/\/srce-slovenije.si\/en\/wp-json\/wp\/v2\/pages"}],"about":[{"href":"https:\/\/srce-slovenije.si\/en\/wp-json\/wp\/v2\/types\/page"}],"author":[{"embeddable":true,"href":"https:\/\/srce-slovenije.si\/en\/wp-json\/wp\/v2\/users\/11"}],"replies":[{"embeddable":true,"href":"https:\/\/srce-slovenije.si\/en\/wp-json\/wp\/v2\/comments?post=17722"}],"version-history":[{"count":0,"href":"https:\/\/srce-slovenije.si\/en\/wp-json\/wp\/v2\/pages\/17722\/revisions"}],"wp:attachment":[{"href":"https:\/\/srce-slovenije.si\/en\/wp-json\/wp\/v2\/media?parent=17722"}],"curies":[{"name":"wp","href":"https:\/\/api.w.org\/{rel}","templated":true}]}}